{"id":48,"date":"2023-10-28T11:51:05","date_gmt":"2023-10-28T09:51:05","guid":{"rendered":"https:\/\/aiucd2024.unict.it\/?page_id=48"},"modified":"2024-05-24T21:41:49","modified_gmt":"2024-05-24T19:41:49","slug":"keynote-speakers","status":"publish","type":"page","link":"https:\/\/aiucd2024.unict.it\/en\/keynote-speakers\/","title":{"rendered":"Keynote Speakers"},"content":{"rendered":"<h5 class=\"wp-block-heading\">Giuseppe Savoca \u25aa\ufe0f <em>Informatica umanistica, Infocrazia, automi e intelligenze artificiali<\/em><\/h5>\n\n\n\n<h6 class=\"wp-block-heading\">28 maggio 2024, ore 15:15 \u25aa\ufe0f Auditorium &#8220;Giancarlo De Carlo&#8221;<\/h6>\n\n\n\n<div style=\"height:7px\" aria-hidden=\"true\" class=\"wp-block-spacer\"><\/div>\n\n\n\n<div class=\"wp-block-media-text is-stacked-on-mobile is-vertically-aligned-top\" style=\"grid-template-columns:29% auto\"><figure class=\"wp-block-media-text__media\"><img loading=\"lazy\" decoding=\"async\" width=\"884\" height=\"1024\" src=\"https:\/\/aiucd2024.unict.it\/wp-content\/uploads\/2024\/05\/SAVOCA-IN-UNA-PANCHINA-SULLETNA-1-1-884x1024.jpg\" alt=\"\" class=\"wp-image-403 size-full\" srcset=\"https:\/\/aiucd2024.unict.it\/wp-content\/uploads\/2024\/05\/SAVOCA-IN-UNA-PANCHINA-SULLETNA-1-1-884x1024.jpg 884w, https:\/\/aiucd2024.unict.it\/wp-content\/uploads\/2024\/05\/SAVOCA-IN-UNA-PANCHINA-SULLETNA-1-1-259x300.jpg 259w, https:\/\/aiucd2024.unict.it\/wp-content\/uploads\/2024\/05\/SAVOCA-IN-UNA-PANCHINA-SULLETNA-1-1-768x890.jpg 768w, https:\/\/aiucd2024.unict.it\/wp-content\/uploads\/2024\/05\/SAVOCA-IN-UNA-PANCHINA-SULLETNA-1-1-1326x1536.jpg 1326w, https:\/\/aiucd2024.unict.it\/wp-content\/uploads\/2024\/05\/SAVOCA-IN-UNA-PANCHINA-SULLETNA-1-1-1767x2048.jpg 1767w, https:\/\/aiucd2024.unict.it\/wp-content\/uploads\/2024\/05\/SAVOCA-IN-UNA-PANCHINA-SULLETNA-1-1-10x12.jpg 10w, https:\/\/aiucd2024.unict.it\/wp-content\/uploads\/2024\/05\/SAVOCA-IN-UNA-PANCHINA-SULLETNA-1-1.jpg 1928w\" sizes=\"auto, (max-width: 884px) 100vw, 884px\" \/><\/figure><div class=\"wp-block-media-text__content\">\n<p class=\"has-small-font-size\"><strong>Bio<\/strong> Professore emerito presso l\u2019Universit\u00e0 di Catania, ha insegnato Letteratura italiana contemporanea e Filologia italiana. Ha pubblicato monografie e studi sul Settecento, Leopardi, Parini, Verga, Tozzi, Gozzano, Svevo, Palazzeschi, Montale, Ungaretti, Rebora, Saba e altri. L\u2019approfondimento dei problemi ermeneutici in direzione linguistica e filologica lo ha portato all\u2019elaborazione di un originale modello di concordanza computerizzata. A suo nome, nella collana \u00abStrumenti di Lessicografia Letteraria Italiana\u00bb dell\u2019editore Olschki, da lui fondata, sono uscite una trentina di concordanze, alle quali si affianca un\u00a0<em>Vocabolario della poesia italiana del Novecento<\/em> (Zanichelli, 1995). <br>Dopo la fondazione di un Centro di Informatica Letteraria, ha promosso l\u2019istituzione, presso l\u2019Universit\u00e0 di Catania, e coordinato per tutta la sua durata (dal 1989 al 2012), un Dottorato di ricerca in \u00abItalianistica \u2013 Lessicografia e Semantica del Linguaggio Letterario Europeo\u00bb, che ha costituito un grande laboratorio per la vocabolarizzazione della poesia italiana moderna e contemporanea, esteso anche al lessico delle traduzioni dei poeti. La sua impresa lessicografica si inserisce nel quadro delle attivit\u00e0 del CLIPON (Gruppo Nazionale di Coordinamento del Consiglio Nazionale delle Ricerche per le \u00abConcordanze della Lingua Italiana Poetica dell\u2019Otto\/Novecento\u00bb), di cui \u00e8 stato promotore e Presidente del Consiglio scientifico, e che negli anni 1984-2000 ha visto riunite le Universit\u00e0 di Catania, Roma La Sapienza, Roma Tor Vergata, Torino, Cagliari, Urbino e Lecce.<br>Ha pubblicato nel 2008 per Olschki una edizione critica del <em>Canzoniere <\/em>di Petrarca, insieme a uno studio introduttivo (<em>Il Canzoniere di Petrarca tra codicologia ed ecdotica<\/em>), servendosi degli strumenti della lessicografia letteraria per una lettura di molti <em>loci critici <\/em>dei <em>Rerum vulgarium fragmenta<\/em> e fornendo nuove letture e interpretazioni di passi controversi.<\/p>\n<\/div><\/div>\n\n\n\n<div style=\"height:29px\" aria-hidden=\"true\" class=\"wp-block-spacer\"><\/div>\n\n\n\n<h5 class=\"wp-block-heading\">Tara Andrews \u25aa\ufe0f <em>The medieval Mediterranean in\u2026data? Interpretation, conjecture and digital methods<\/em><\/h5>\n\n\n\n<h6 class=\"wp-block-heading\">29 maggio 2024, ore 10:20 \u25aa\ufe0f Auditorium &#8220;Giancarlo De Carlo&#8221;<\/h6>\n\n\n\n<p>It is by now a commonplace to observe that one of the biggest challenges of studying the history of most medieval Mediterranean societies is the amount of information we don&#8217;t have &#8211; the documents that didn&#8217;t survive, the conversations that weren&#8217;t recorded, the biases, both contemporary and modern, that color the narratives that we are given. Yet despite the challenges, we are constantly being treated to new and fascinating insights and understanding about all of these societies, thanks to the hard work, enthusiasm, and brilliance of many scholars in the field. In this talk I will examine the ways in which digital methods have been helping us in this work, some areas where these methods are still perceived to hinder our progress, and reflect on how we can meet the wider challenge of performing computational analysis on sets of data that will always be subject to conjecture and even dispute.<\/p>\n\n\n\n<div class=\"wp-block-group is-vertical is-layout-flex wp-container-core-group-is-layout-fe9cc265 wp-block-group-is-layout-flex\">\n<div class=\"wp-block-columns are-vertically-aligned-center is-layout-flex wp-container-core-columns-is-layout-ec2e7a44 wp-block-columns-is-layout-flex\" style=\"padding-top:0;padding-bottom:0\">\n<div class=\"wp-block-column is-layout-flow wp-block-column-is-layout-flow\" style=\"flex-basis:29%\">\n<figure class=\"wp-block-image size-full\"><img loading=\"lazy\" decoding=\"async\" width=\"485\" height=\"485\" src=\"https:\/\/aiucd2024.unict.it\/wp-content\/uploads\/2024\/05\/TaraAndrws.png\" alt=\"\" class=\"wp-image-384\" srcset=\"https:\/\/aiucd2024.unict.it\/wp-content\/uploads\/2024\/05\/TaraAndrws.png 485w, https:\/\/aiucd2024.unict.it\/wp-content\/uploads\/2024\/05\/TaraAndrws-300x300.png 300w, https:\/\/aiucd2024.unict.it\/wp-content\/uploads\/2024\/05\/TaraAndrws-150x150.png 150w, https:\/\/aiucd2024.unict.it\/wp-content\/uploads\/2024\/05\/TaraAndrws-12x12.png 12w\" sizes=\"auto, (max-width: 485px) 100vw, 485px\" \/><\/figure>\n<\/div>\n\n\n\n<div class=\"wp-block-column is-layout-flow wp-block-column-is-layout-flow\" style=\"flex-basis:71%\">\n<p class=\"has-small-font-size\"><strong>Bio <\/strong>University Professor of Digital Humanities at the Institute for History in 2016, she has also served as a Scientific Director of the Austrian Centre for Digital Humanities and Cultural Heritage (ACDH-CH) at the \u00d6AW since 2018. With a Bachelor of Science in Humanities and Engineering from the Massachusetts Institute of Technology (1999), and the degrees of Master (2005) and Doctor (2009) of Philosophy in Byzantine and Armenian studies from the University of Oxford, her dual scientific training as well as her professional experience in the software industry has provided valuable and rare perspectives on the use of digital and computational methods in humanities domains. Andrews\u2019 fields of expertise include the history and historiography of the Christian Near East in the tenth to twelfth centuries, the application of computational and statistical methods for reconstruction of the copying history of ancient and medieval manuscripts (stemmatology), and reflection on the implications of employing digital media and computational methods in humanities contexts. She has been invited to give keynote presentations at both academic and industry conferences, has contributed to both the Armenian-source content and the technical maintenance of the online \u201cProsopography of the Byzantine World\u201d, has edited or co-edited two collections of papers on the subject of software and computational analysis in textual studies, and has published several journal articles as well as a monograph on topics that cover both medieval Armenian history and digital scholarly practice. Her scientific output also extends to research software, most notably the \u2018Stemmaweb\u2019 suite of online tools for analysis of text variants and their associated stemma hypotheses, but also including a range of smaller tools whose source code has been released to the public on Github. From 2021\u20132026 she will be PI of the ERC project RELEVEN, aiming to bring a new perspective to the history of the eleventh century in the Christian world by digitally re-modeling the data we have.<\/p>\n<\/div>\n<\/div>\n\n\n\n<h1 class=\"wp-block-heading\">Invited<\/h1>\n\n\n\n<p><strong>Salvatore Capasso \u25aa\ufe0f <em>Il Mediterraneo: un mare di opportunit\u00e0 e sfide<\/em><\/strong><\/p>\n<\/div>\n\n\n\n<h6 class=\"wp-block-heading\">28 maggio 2024, ore 17:45 \u25aa\ufe0f Auditorium &#8220;Giancarlo De Carlo&#8221;<\/h6>\n\n\n\n<p>Il Mediterraneo \u00e8 un\u2019area caratterizzata da grandi differenze socio-economiche e culturali. Lo shock pandemico prima, e la guerra Russo-Ucraina e l\u2019inflazione poi, hanno accentuato alcune di queste divergenze, ma hanno anche aperto la strada a processi di aggiustamento e di convergenza tra i Paesi delle diverse sponde che fanno di questo mare un\u2019area di grandi opportunit\u00e0 di crescita e sviluppo. Il Mediterraneo \u00e8 uno degli scenari chiave nel quale si giocheranno le pi\u00f9 importanti sfide geopolitiche ed economiche globali come il cambiamento climatico, il calo demografico o la transizione digitale. In particolare, la transizione digitale e il connesso cambiamento tecnologico rappresentano una delle sfide pi\u00f9 rilevanti dell\u2019area ma dalla quale possono sorgere grandi opportunit\u00e0 di crescita e sviluppo non solo per i Paesi della sponda Sud.<\/p>\n\n\n\n<div class=\"wp-block-columns are-vertically-aligned-center is-layout-flex wp-container-core-columns-is-layout-ec2e7a44 wp-block-columns-is-layout-flex\" style=\"padding-top:0;padding-bottom:0\">\n<div class=\"wp-block-column is-layout-flow wp-block-column-is-layout-flow\" style=\"flex-basis:29%\">\n<figure class=\"wp-block-image\"><img loading=\"lazy\" decoding=\"async\" width=\"1024\" height=\"1024\" src=\"https:\/\/aiucd2024.unict.it\/wp-content\/uploads\/2024\/05\/Capasso-2-1024x1024.png\" alt=\"\" class=\"wp-image-378\" srcset=\"https:\/\/aiucd2024.unict.it\/wp-content\/uploads\/2024\/05\/Capasso-2-1024x1024.png 1024w, https:\/\/aiucd2024.unict.it\/wp-content\/uploads\/2024\/05\/Capasso-2-300x300.png 300w, https:\/\/aiucd2024.unict.it\/wp-content\/uploads\/2024\/05\/Capasso-2-150x150.png 150w, https:\/\/aiucd2024.unict.it\/wp-content\/uploads\/2024\/05\/Capasso-2-768x768.png 768w, https:\/\/aiucd2024.unict.it\/wp-content\/uploads\/2024\/05\/Capasso-2-12x12.png 12w, https:\/\/aiucd2024.unict.it\/wp-content\/uploads\/2024\/05\/Capasso-2.png 1085w\" sizes=\"auto, (max-width: 1024px) 100vw, 1024px\" \/><\/figure>\n<\/div>\n\n\n\n<div class=\"wp-block-column is-layout-flow wp-block-column-is-layout-flow\" style=\"flex-basis:71%\">\n<p class=\"has-small-font-size\"><strong>Bio <\/strong>\u00c8 professore ordinario di Politica Economica presso l&#8217;Universit\u00e0 di Napoli Parthenope e dal 1 giugno 2015 al 31 maggio 2019 \u00e8 stato Direttore dell&#8217;ISSM che, in seguito al suo progetto presentato al CNR, \u00e8 confluito nell&#8217;attuale ISMed. Dal 1 aprile 2023 \u00e8 direttore del dipartimento scienze umane e sociali, patrimonio culturale del CNR. I suoi interessi di ricerca si centrano su temi di Economia dello Sviluppo e della Crescita Economica e su temi di Economia Monetaria e Finanziaria. In particolare, negli ultimi anni si \u00e8 occupato della relazione tra economia sommersa e sviluppo finanziario e della relazione tra corruzione e crescita economica. \u00c8 autore di molteplici pubblicazioni e articoli su riviste nazionali e internazionali. <br>\u00c8 stato &#8220;visiting professor&#8221; presso numerose universit\u00e0, tra cui l&#8217;Universit\u00e0 del Wisconsin Milwaukee (USA), l&#8217;Universit\u00e0 di Santiago de Compostela (Spagna) e l&#8217;Universit\u00e0 di Manchester (UK) ed \u00e8 stato membro di diversi Consigli Scientifici di istituzioni nazionali e internazionali.<br>Ha coordinato diversi gruppi di ricerca in progetti nazionali e internazionali ed \u00e8 stato responsabile di un progetto finanziato dalla Commissione Europea intitolato &#8220;Rethinking Finance for Stability and Growth&#8221;. Ha contribuito ad organizzare numerose conferenze e workshop e sono numerose le conferenze nazionali e internazionali in cui ha presentato i suoi lavori scientifici.<br>Dal 2013 al 2015 \u00e8 coordinatore del Dottorato in &#8220;Governance, Management and Economics&#8221; dell&#8217;Universit\u00e0 degli studi di Napoli &#8220;Parthenope&#8221; ed ha fatto da supervisore a numerosi studenti di dottorato. Ha una vasta esperienza di insegnamento su temi di Macroeconomia e Politica Economica sia a livello di corsi di laurea che di dottorato ed ha insegnato in universit\u00e0 italiane (Universit\u00e0 di Napoli Parthenope, Federico II) e straniere (Universit\u00e0 di Santiago de Compostela, Manchester, Liverpool, Wisconsin).<\/p>\n<\/div>\n<\/div>\n\n\n\n<div style=\"height:30px;width:0px\" aria-hidden=\"true\" class=\"wp-block-spacer\"><\/div>\n\n\n\n<h5 class=\"wp-block-heading\">Andrea Mazzucchi \u25aa\ufe0f <em>Approcci integrati per la filologia digitale: l&#8217;esempio dantesco tra testo e paratesti<\/em> (con la collaborazione di Vittorio Celotto)<\/h5>\n\n\n\n<h6 class=\"wp-block-heading\">30 maggio 2024, ore 9:00 \u25aa\ufe0f Aula Magna &#8220;Santo Mazzarino&#8221;<\/h6>\n\n\n\n<p>L&#8217;intervento intende mostrare quanto la transizione digitale in ambito filologico possa essere fruttuosa per restituire efficacemente la complessa testualit\u00e0 medievale e i meccanismi della sua tradizione. In particolare si descriveranno due recenti esperienze di filologia digitale relative ai testi di Dante e alle diverse morfologie dell&#8217;antica esegesi sulla <em>Commedia<\/em>.<\/p>\n\n\n\n<div class=\"wp-block-columns are-vertically-aligned-top is-layout-flex wp-container-core-columns-is-layout-28f84493 wp-block-columns-is-layout-flex\">\n<div class=\"wp-block-column is-layout-flow wp-block-column-is-layout-flow\" style=\"flex-basis:28%\">\n<figure class=\"wp-block-image alignright size-thumbnail is-resized\"><img loading=\"lazy\" decoding=\"async\" width=\"150\" height=\"150\" src=\"https:\/\/aiucd2024.unict.it\/wp-content\/uploads\/2024\/05\/mazzucchi-150x150.jpg\" alt=\"\" class=\"wp-image-379\" style=\"width:193px;height:auto\" srcset=\"https:\/\/aiucd2024.unict.it\/wp-content\/uploads\/2024\/05\/mazzucchi-150x150.jpg 150w, https:\/\/aiucd2024.unict.it\/wp-content\/uploads\/2024\/05\/mazzucchi-11x12.jpg 11w\" sizes=\"auto, (max-width: 150px) 100vw, 150px\" \/><\/figure>\n<\/div>\n\n\n\n<div class=\"wp-block-column is-layout-flow wp-block-column-is-layout-flow\" style=\"flex-basis:72%\">\n<p class=\"has-small-font-size\"><strong>Bio<\/strong> Insegna Filologia italiana e dantesca presso l\u2019Universit\u00e0 di Napoli Federico II; dirige il Dipartimento di Studi Umanistici dell\u2019Ateneo napoletano e la Scuola di Alta Formazione in \u201cStoria e filologia del manoscritto e del libro antico\u201d presso la Biblioteca Oratoriana dei Girolamini di Napoli. Coordina il Dottorato di ricerca in \u201cTesti, tradizioni e culture del libro\u201d presso la Scuola Superiore Meridionale. \u00c8 socio ordinario dell\u2019Accademia Pontaniana e della Societ\u00e0 Nazionale di Scienze, lettere e arti. Fa parte delle Commissioni preposte all\u2019Edizione Nazionale degli Antichi Commenti alla <em>Commedia <\/em>e alla Nuova Edizione Commentata delle Opere di Dante. \u00c8 vicepresidente del Centro Pio Rajna, dirige il Centro di ricerca interuniversitario <em>Scritture e civilt\u00e0. Libri e testi nell\u2019Italia medioevale <\/em>ed \u00e8 componente del Consiglio direttivo della Casa di Dante in Roma e della Societ\u00e0 dei Filologi della letteratura italiana. \u00c8 direttore responsabile della \u201cRivista di Studi Danteschi\u201d, di \u201cFilologia e critica\u201d, di \u201cItalia medievale e umanistica\u201d, nonch\u00e9 direttore editoriale della casa editrice Antenore. Ha coordinato, per il PNR 2021-2027 del MIUR, l\u2019ambito di Discipline storico letterarie e artistiche. Attualmente \u00e8 il Responsabile scientifico nazionale dello Spoke 3 \u201cDigital Libraries, Archives and Philology nell\u2019ambito del Partenariato Esteso CHANGES (Cultural Heritage Active Innovation for Sustainable Society). Le sue ricerche sono rivolte prevalentemente allo studio della letteratura italiana medievale, con particolare attenzione all\u2019opera di Dante e alla sua prima ricezione, indagate secondo una prospettiva filologica integrata che interseca riflessioni testuali, materialit\u00e0 del libro e iconografia. \u00c8 autore di oltre duecento pubblicazioni.  <\/p>\n<\/div>\n<\/div>","protected":false},"excerpt":{"rendered":"<p>Giuseppe Savoca \u25aa\ufe0f Informatica umanistica, Infocrazia, automi e intelligenze artificiali 28 maggio 2024, ore 15:15 \u25aa\ufe0f Auditorium &#8220;Giancarlo De Carlo&#8221; Bio Professore emerito presso l\u2019Universit\u00e0 di Catania, ha insegnato Letteratura italiana contemporanea e Filologia italiana. Ha pubblicato monografie e studi sul Settecento, Leopardi, Parini, Verga, Tozzi, Gozzano, Svevo, Palazzeschi, Montale, Ungaretti, Rebora, Saba e altri. [&hellip;]<\/p>","protected":false},"author":1,"featured_media":0,"parent":0,"menu_order":0,"comment_status":"closed","ping_status":"closed","template":"","meta":{"footnotes":""},"class_list":["post-48","page","type-page","status-publish","hentry"],"_links":{"self":[{"href":"https:\/\/aiucd2024.unict.it\/en\/wp-json\/wp\/v2\/pages\/48","targetHints":{"allow":["GET"]}}],"collection":[{"href":"https:\/\/aiucd2024.unict.it\/en\/wp-json\/wp\/v2\/pages"}],"about":[{"href":"https:\/\/aiucd2024.unict.it\/en\/wp-json\/wp\/v2\/types\/page"}],"author":[{"embeddable":true,"href":"https:\/\/aiucd2024.unict.it\/en\/wp-json\/wp\/v2\/users\/1"}],"replies":[{"embeddable":true,"href":"https:\/\/aiucd2024.unict.it\/en\/wp-json\/wp\/v2\/comments?post=48"}],"version-history":[{"count":13,"href":"https:\/\/aiucd2024.unict.it\/en\/wp-json\/wp\/v2\/pages\/48\/revisions"}],"predecessor-version":[{"id":406,"href":"https:\/\/aiucd2024.unict.it\/en\/wp-json\/wp\/v2\/pages\/48\/revisions\/406"}],"wp:attachment":[{"href":"https:\/\/aiucd2024.unict.it\/en\/wp-json\/wp\/v2\/media?parent=48"}],"curies":[{"name":"wp","href":"https:\/\/api.w.org\/{rel}","templated":true}]}}